{"id":5,"date":"2018-02-27T18:59:40","date_gmt":"2018-02-27T18:59:40","guid":{"rendered":"http:\/\/pro-walderhalt.de\/?page_id=5"},"modified":"2020-11-19T11:30:33","modified_gmt":"2020-11-19T11:30:33","slug":"ueber-uns","status":"publish","type":"page","link":"https:\/\/pro-walderhalt.de\/?page_id=5","title":{"rendered":"\u00dcber uns"},"content":{"rendered":"<h1><img loading=\"lazy\" decoding=\"async\" class=\"alignnone wp-image-555\" src=\"http:\/\/pro-walderhalt.de\/wp-content\/uploads\/2020\/02\/Waldbanner-300x169.jpg\" alt=\"\" width=\"509\" height=\"287\" srcset=\"https:\/\/pro-walderhalt.de\/wp-content\/uploads\/2020\/02\/Waldbanner-300x169.jpg 300w, https:\/\/pro-walderhalt.de\/wp-content\/uploads\/2020\/02\/Waldbanner-768x432.jpg 768w, https:\/\/pro-walderhalt.de\/wp-content\/uploads\/2020\/02\/Waldbanner-1024x576.jpg 1024w, https:\/\/pro-walderhalt.de\/wp-content\/uploads\/2020\/02\/Waldbanner.jpg 1280w\" sizes=\"auto, (max-width: 509px) 100vw, 509px\" \/><\/h1>\n<h1><strong>\u201cPflanz einen Baum,<\/strong><br \/>\n<strong>und kannst du auch nicht ahnen,<\/strong><br \/>\n<strong>wer einst in seinem Schatten tanzt,<\/strong><br \/>\n<strong>bedenke Mensch:<\/strong><br \/>\n<strong>es haben deine Ahnen,<\/strong><br \/>\n<strong>eh&#8216; sie dich kannten,<\/strong><br \/>\n<strong>auch f\u00fcr dich gepflanzt!\u201d<\/strong><\/h1>\n<p>Max Bewer<br \/>\n(1861 &#8211; 1921), deutscher Schriftsteller<strong><br \/>\n<\/strong><\/p>\n<p>Mir Kreadurn sin die aanzische uff de Welt, die Beem f\u00e4lle, Babier draus mache- un druffschreiwe:<\/p>\n<p>&#8222;Rettet den Wald&#8220;.<\/p>\n<p>Awwer net, weil mer die aanzische sin, die schreiwe kenne, sonnern die, wo depp sin.<\/p>\n<p>Charly Landzettel (Darmstadt)<\/p>\n<p>Mancher geht durch den Wald und sieht dort nichts als Brennholz<\/p>\n<p>Leo Tolstoi (1828-1910)<\/p>\n<p><strong>www.pro-walderhalt.de<\/strong><\/p>\n<p>B\u00e4ume haben eine zentrale Bedeutung und eine sehr gro\u00dfe Anziehungskraft auf den Menschen, deshalb darf unser Wald prim\u00e4r nicht wirtschaftlich genutzt werden!<\/p>\n<p><img loading=\"lazy\" decoding=\"async\" class=\"alignnone size-medium wp-image-398\" src=\"http:\/\/pro-walderhalt.de\/wp-content\/uploads\/2019\/02\/Logo-277x300.jpg\" alt=\"\" width=\"277\" height=\"300\" srcset=\"https:\/\/pro-walderhalt.de\/wp-content\/uploads\/2019\/02\/Logo-277x300.jpg 277w, https:\/\/pro-walderhalt.de\/wp-content\/uploads\/2019\/02\/Logo-768x833.jpg 768w, https:\/\/pro-walderhalt.de\/wp-content\/uploads\/2019\/02\/Logo-944x1024.jpg 944w, https:\/\/pro-walderhalt.de\/wp-content\/uploads\/2019\/02\/Logo.jpg 1074w\" sizes=\"auto, (max-width: 277px) 100vw, 277px\" \/><\/p>\n<p><strong>Symbolik<\/strong><\/p>\n<p><strong>Alle Bl\u00e4tter &#8211; es sind 28 in dem Zirkel &#8211; stammen von einheimischen B\u00e4umen: Buche, Eiche, Kastanie, Eberesche, Walnu\u00df, L\u00e4rche, Ulme, Birke, Weide, Pappel, Holunder usw.<\/strong><\/p>\n<p><strong>Dieser Reigen spiegelt Artenreichtum und Biodiversit\u00e4t des Waldes.<\/strong><\/p>\n<p><strong>Der Kreis bedeutet, alles ist mit allem verbunden. Der Mensch existiert <u>in<\/u> der Natur und besteht <u>aus<\/u> der Natur. Sein Atem n\u00e4hrt sich vom Odem der B\u00e4ume.<\/strong><\/p>\n<p><strong>Trotz der strengen Struktur des Bildes \u2013 Kreis, Kreuz, Mittelpunkt, Radius, Segment &#8211; wirkt die Geometrie nicht starr.<\/strong><\/p>\n<p><strong>Sie ist aufgelockert durch die Anordnung der Bl\u00e4tter, insbesondere ihrer Unterschiedlichkeit.<\/strong><\/p>\n<p><strong>Es gibt keine zwei gleichen Bl\u00e4tter in dem Karussell, ein Zeichen von Lebendigkeit.<\/strong><\/p>\n<p><strong>Die gr\u00fcnen Randbl\u00e4tter der oberen Halbkugel weisen nach au\u00dfen, sind gerichtet auf Expansion, Erweiterung, so wie der Wald bestrebt ist, st\u00e4ndig nachzuwachsen, sich auszudehnen und sich zu erneuern.<\/strong><\/p>\n<p><strong>Der Kreis ist \u2013 kaum wahrnehmbar &#8211; unrund, er ist oben und unten minimal elliptisch. In der Tat sitzt die Schrift nicht <u>im<\/u> Kreis wie alle anderen Objekte, sondern <u>auf<\/u> dem Kreisbogen, was eine geheime Tendenz nach oben, ein senkrechtes Streben andeutet.<\/strong><\/p>\n<p><strong>Auch unten gehen Stamm und Wurzeln \u00fcber den Kreisbogen hinaus \u201cin die Erde\u201d, wo alles Wachstum gr\u00fcndet.<\/strong><\/p>\n<p><strong>Zuf\u00e4llig hat sich im unteren gr\u00fcnen Mittelpunkt des Baumstammes in den l\u00e4nglichen Bl\u00e4ttchen eine Art Windrad abgebildet, ein Symbol der immanenten Energie, die der Baum in sich tr\u00e4gt.<\/strong><\/p>\n<p><strong>Wald sorgt also in vielgestaltigen, verschwenderischen, unersch\u00f6pflichen und hochwirksam vernetzten Kreisl\u00e4ufen f\u00fcr Luft, Wasser, Nahrung, Schutz\u00a0\u00a0 &#8211;\u00a0\u00a0 und Leben!<\/strong><\/p>\n<p><strong>Brigitte Siefert-R\u00fcd<\/strong><\/p>\n<h1><strong>Unsere Ziele:<\/strong><\/h1>\n<ul>\n<li>Reduzierung des Einschlages in allen Forsten DA-DI (Staatsforst, Kommunalforst, etc.) von derzeit 100% auf maximal 60% des nachwachsenden Rohstoffes &#8211;<\/li>\n<li>G\u00fcltigkeit der Setz- und Brutzeit auch f\u00fcr Hessen Forst (1.3. bis 30.9.)<\/li>\n<li>Mehr Kernfl\u00e4chen sind auszuweisen (Kernfl\u00e4chen nicht erst nach intensiver Bewirtschaftung und kleinfl\u00e4chig ausweisen) &#8211;<\/li>\n<li>Die Altersklassendurchmischung und Artenvielfalt der B\u00e4ume verpflichtend erhalten, soweit noch vorhanden, Stufigkeit und Schichtung beachten, keine gleichf\u00f6rmigen Waldplantagen nach dem Bedarf der holzverarbeitenden Industrie &#8211;<\/li>\n<li>Zertifizierung des Waldes nach Naturland &#8211;<\/li>\n<li>keine Baumf\u00e4llung bei noch gr\u00fcner Belaubung Harvestereinsatz (Baumvollernter) reduzieren, dadurch gehen bis zu 40% des Waldbodens verloren, da in der Harvesterspur durch Verdichtung kein Baum mehr aufgeht.<\/li>\n<li>Bei PEFC Zertifizierung wird alle 30m ein Holzr\u00fcckeweg eingerichtet, bei FSC-Zertifizierung alle 40m &#8211;<\/li>\n<li>keine Waldrodungen, da bei Rodungen Wurzelwerk mit entfernt wird (bei Kahlschlag bleibt die Wurzel im Boden)<\/li>\n<li>Durchforstung maximal alle 5-10 Jahre, und nicht j\u00e4hrlich mit der Begr\u00fcndung: \u201eim letzten Jahr nicht fertig geworden zu sein.\u201c<\/li>\n<\/ul>\n<p>Alle diese Wald-Ma\u00dfnahmen sind zusammen ein entscheidender Beitrag zur Erhaltung der Biodiversit\u00e4t und des Naturschutzes!<\/p>\n<p>Kontakt BI Waldschutz: Email: pro-walderhalt@t-online.de<\/p>\n<p>1.Vorsitzende: Karin M\u00fchlenbock, Tel.: 06151-2731544<\/p>\n","protected":false},"excerpt":{"rendered":"<p>\u201cPflanz einen Baum, und kannst du auch nicht ahnen, wer einst in seinem Schatten tanzt, bedenke Mensch: es haben deine Ahnen, eh&#8216; sie dich kannten, auch f\u00fcr dich gepflanzt!\u201d Max Bewer (1861 &#8211; 1921), deutscher Schriftsteller Mir Kreadurn sin die aanzische uff de Welt, die Beem f\u00e4lle, Babier draus mache- un druffschreiwe: &#8222;Rettet den Wald&#8220;. &hellip; <\/p>\n<p class=\"link-more\"><a href=\"https:\/\/pro-walderhalt.de\/?page_id=5\" class=\"more-link\"><span class=\"screen-reader-text\">\u201e\u00dcber uns\u201c <\/span>weiterlesen<\/a><\/p>\n","protected":false},"author":1,"featured_media":22,"parent":0,"menu_order":0,"comment_status":"closed","ping_status":"closed","template":"","meta":{"footnotes":""},"class_list":["post-5","page","type-page","status-publish","has-post-thumbnail","hentry"],"_links":{"self":[{"href":"https:\/\/pro-walderhalt.de\/index.php?rest_route=\/wp\/v2\/pages\/5","targetHints":{"allow":["GET"]}}],"collection":[{"href":"https:\/\/pro-walderhalt.de\/index.php?rest_route=\/wp\/v2\/pages"}],"about":[{"href":"https:\/\/pro-walderhalt.de\/index.php?rest_route=\/wp\/v2\/types\/page"}],"author":[{"embeddable":true,"href":"https:\/\/pro-walderhalt.de\/index.php?rest_route=\/wp\/v2\/users\/1"}],"replies":[{"embeddable":true,"href":"https:\/\/pro-walderhalt.de\/index.php?rest_route=%2Fwp%2Fv2%2Fcomments&post=5"}],"version-history":[{"count":15,"href":"https:\/\/pro-walderhalt.de\/index.php?rest_route=\/wp\/v2\/pages\/5\/revisions"}],"predecessor-version":[{"id":656,"href":"https:\/\/pro-walderhalt.de\/index.php?rest_route=\/wp\/v2\/pages\/5\/revisions\/656"}],"wp:featuredmedia":[{"embeddable":true,"href":"https:\/\/pro-walderhalt.de\/index.php?rest_route=\/wp\/v2\/media\/22"}],"wp:attachment":[{"href":"https:\/\/pro-walderhalt.de\/index.php?rest_route=%2Fwp%2Fv2%2Fmedia&parent=5"}],"curies":[{"name":"wp","href":"https:\/\/api.w.org\/{rel}","templated":true}]}}